{"id":30,"date":"2016-06-11T17:42:15","date_gmt":"2016-06-11T17:42:15","guid":{"rendered":"http:\/\/dara-estructural.com\/?page_id=30"},"modified":"2018-11-18T19:59:43","modified_gmt":"2018-11-18T19:59:43","slug":"contacto","status":"publish","type":"page","link":"https:\/\/dara-estructural.com\/?page_id=30","title":{"rendered":"Equipo"},"content":{"rendered":"<p><strong>Francesc Catal\u00e1 Cholbi<\/strong><br \/>\nX\u00c0BIA\/J\u00c1VEA<br \/>\nCalle Sanchis Guarner, 8 Oficina 2. 03730 X\u00e0bia (Alicante) Tel.: 965794335<br \/>\nwww.dara-estructural.com \u00a0| \u00a0info@dara-estructural.com<\/p>\n<p>&nbsp;<\/p>\n<p><strong>Francesc Monfort Mulet.\u00a0<\/strong>Postgrado y Experto Univesitario en Rehabilitaci\u00f3n de Estructuras<br \/>\n(Universitat Polit\u00e8cnica de Catalunya y Universitat Polit\u00e8cncia de Val\u00e8ncia)<br \/>\nVAL\u00c8NCIA<br \/>\nPla\u00e7a del Poeta Vicente Gaos, 6 B 12 46021 Val\u00e8ncia (Val\u00e8ncia). M\u00f3v.: 629258797<br \/>\nwww.dara-estructural.com \u00a0| \u00a0info@dara-estructural.com<\/p>\n<p><a href=\"https:\/\/dara-estructural.com\/wp-content\/uploads\/2016\/06\/Paco_Monfort.jpg\"><img loading=\"lazy\" decoding=\"async\" class=\"alignnone size-medium wp-image-61\" src=\"https:\/\/dara-estructural.com\/wp-content\/uploads\/2016\/06\/Paco_Monfort-300x196.jpg\" alt=\"Paco_Monfort\" width=\"300\" height=\"196\" srcset=\"https:\/\/dara-estructural.com\/wp-content\/uploads\/2016\/06\/Paco_Monfort-300x196.jpg 300w, https:\/\/dara-estructural.com\/wp-content\/uploads\/2016\/06\/Paco_Monfort-768x502.jpg 768w, https:\/\/dara-estructural.com\/wp-content\/uploads\/2016\/06\/Paco_Monfort-1024x670.jpg 1024w, https:\/\/dara-estructural.com\/wp-content\/uploads\/2016\/06\/Paco_Monfort.jpg 1070w\" sizes=\"auto, (max-width: 300px) 100vw, 300px\" \/><\/a><\/p>\n<p>07-1.995<br \/>\nT\u00edtulo de <strong>ARQUITECTO<\/strong> en la especialidad de Edificaci\u00f3n<br \/>\nEscuela t\u00e9cnica superior de Arquitectura de Valencia<\/p>\n<p>2.018<br \/>\nSocio numerario profesional 124 de la <strong>ACE<\/strong>. Associaci\u00f3 de Consultors d&#8217;Estructures.<\/p>\n<p>2.013-2014<br \/>\n<strong>Postgrado \u00abRehabilitar des de la estructura\u00bb<\/strong><br \/>\nEscola Sert. Col\u00b7legi Oficial d&#8217;Arquitectes de Catalunya<br \/>\nUniversitat Polit\u00e8cnica de Catalunya<\/p>\n<p>2.014-2.015<br \/>\n<strong>\u00abExperto Universitario en Rehabilitaci\u00f3n de Estructuras Tradicionales de Edificaci\u00f3n\u00bb<\/strong><br \/>\nCentre de Formaci\u00f3 de Postgrau<br \/>\nUniversitat Polit\u00e8cnica de Val\u00e8ncia<\/p>\n<p>04-1.993<br \/>\nUsuario del programa de c\u00e1lculo de estructuras <strong>\u00abTricalc\u00bb<\/strong><br \/>\nArktec S.A.<\/p>\n<p>10-1.995<br \/>\n<strong>Arquitecto Colegiado n\u00famero 5.078<\/strong><br \/>\nColegio Oficial de Arquitectos de la Comunidad Valenciana<\/p>\n<p>11-1.995<br \/>\nCurso: <strong>\u00abHabilitaci\u00f3n para la emisi\u00f3n de informes de detecci\u00f3n de<\/strong><br \/>\n<strong> Cemento Aluminoso, Patologia y Rehabilitaci\u00f3n\u00bb<\/strong><br \/>\nAidico. Valencia<\/p>\n<p>11-1.995<br \/>\nCurso: \u00abAplicaci\u00f3n de la nueva normativa sismorresistente NCSE-94\u00bb<br \/>\nColegio Oficial de Arquitectos de la Comunidad Valenciana.<\/p>\n<p>02-1.996<br \/>\nCurso: <strong>\u00abInspecci\u00f3n, peritaci\u00f3n e intervenci\u00f3n en estructuras de hormig\u00f3n armado\u00bb<\/strong><br \/>\nColegio Oficial de Arquitectos de la Comunidad Valenciana<\/p>\n<p>06-1.996<br \/>\nCurso: \u00abDirecci\u00f3n integral de la obra de edificaci\u00f3n\u00bb<br \/>\nColegio Oficial de Arquitectos de la Comunidad Valenciana.<\/p>\n<p>02-1.998<br \/>\nSocio fundador de la sociedad de arquitectura <strong>D&#8217;ARA Arquitectes s.l.p<\/strong>.<\/p>\n<p>05-2.000<br \/>\nCurso: <strong>\u00abInspecci\u00f3n T\u00e9cnica de edifcios\u00bb<\/strong><br \/>\nColegio Territorial de Arquitectos de Valencia<\/p>\n<p>01-2.007<br \/>\nCurso: \u00abDocumento b\u00e1sico Seguridad Estructural SE\u00bb<br \/>\nColegio Territorial de Arquitectos de Valencia<\/p>\n<p>02-2.007<br \/>\nCurso: \u00abDocumento b\u00e1sico de Salubridad HS.<br \/>\nC\u00f3digo T\u00e9cnico de la Edificaci\u00f3n\u00bb<br \/>\nColegio Territorial de Arquitectos de Valencia<\/p>\n<p>02-2.007<br \/>\nCurso: \u00abDocumento b\u00e1sico de ahorro de energia HE3-HE4.<br \/>\nC\u00f3digo T\u00e9cnico de la Edficaci\u00f3n\u00bb<br \/>\nColegio Territorial de Arquitectos de Valencia<\/p>\n<p>02-2.007<br \/>\nCurso: \u00abDocumento b\u00e1sico de limitaci\u00f3n de la demanda energ\u00e9tica HE1.<br \/>\nCodigo T\u00e9cnico de la Edificaci\u00f3n\u00bb<br \/>\nColegio Territorial de Arquitectos de Valencia<\/p>\n<p>02-2.007<br \/>\nCurso: \u00abDocumento b\u00e1sico Seguridad en caso de Incendio SI.<br \/>\nCodigo T\u00e9cnico de la Edificaci\u00f3n\u00bb<br \/>\nColegio Territorial de Arquitectos de Valencia<\/p>\n<p>03-2.007<br \/>\nCurso: \u00abTipolog\u00edas estructurales arquitectonicas\u00bb<br \/>\nColegio Oficial de Arquitectos de la Comunidad Valenciana<\/p>\n<p>03-2.007<br \/>\nCurso: \u00abDocumento b\u00e1sico de seguridad estructural. F\u00e1bricas SE-F\u00bb<br \/>\nColegio Territorial de Arquitectos de Valencia<\/p>\n<p>04-2.007<br \/>\nCurso: \u00abDocumento b\u00e1sico de seguridad de utilizaci\u00f3n SU\u00bb<br \/>\nColegio Territorial de Arquitectos de Valencia<\/p>\n<p>05-2.007<br \/>\nCurso: \u00abDocumento b\u00e1sico Resistencia al fuego de las estructuras SI6.<br \/>\nC\u00f3digo T\u00e9cnico de la Edificaci\u00f3n\u00bb<br \/>\nColegio Territorial de Arquitectos de Valencia<\/p>\n<p>02-2.009<br \/>\nCurso: \u00abEHE 2.008\u00bb<br \/>\nColegio Territorial de Arquitectos de Valencia<\/p>\n<p>02-2.009<br \/>\nCurso: <strong>\u00abCimentaciones\u00bb<\/strong><br \/>\nColegio Territorial de Arquitectos de Valencia<\/p>\n<p>02-2010<br \/>\nCurso:<strong> \u00abPatologia y refuerzo de estructuras de hormig\u00f3n armado\u00bb<\/strong><br \/>\nColegio territorial de arquitectos de Valencia<\/p>\n<p>02-2011<br \/>\nCurso: \u00abJustificaci\u00f3n en proyecto de la calificaci\u00f3n energ\u00e9tica y<br \/>\nhabitabilidad en edifIcios. HE HR HS\u00bb<br \/>\nColegio territorial de arquitectos de Valencia<\/p>\n<p>09-2011<br \/>\nCurso: \u00abProyecto de instalaciones para edificaci\u00f3n con CYPE\u00bb<br \/>\nIntelec Consultores para CYPE Ingenieros S.A.<\/p>\n<p>10-2011<br \/>\nJornada Formativa: \u00abInforme de conservaci\u00f3n del edificio (ICE)\u00bb<br \/>\nColegio Territorial de Arquitectos de Valencia<\/p>\n<p>11-2011<br \/>\nCurso <strong>\u00abPatolog\u00eda en la edificaci\u00f3n\u00bb<\/strong><br \/>\nColegio Territorial de Arquitectos de Valencia<\/p>\n<p>12-2012<br \/>\nCurso \u00abPlanificaci\u00f3n y control de la ejecuci\u00f3n de proyectos de obras.<br \/>\nMicrosoft Project\u00bb<br \/>\nCentro de formaci\u00f3n permanente de la Universidad Polit\u00e9cnica Valencia<\/p>\n<p>02-2013<br \/>\nCurso \u00abGesti\u00f3n de obras inacabadas. Project monitoring\u00bb<br \/>\nColegio Territorial de Arquitectos de Valencia<\/p>\n<p>03-2013<br \/>\nCurso \u00abCertificaci\u00f3n energ\u00e9tica de edificios existentes. Programa CE3\u00bb<br \/>\nColegio Territorial de Arquitectos de Valencia<\/p>\n<p>04-2013<br \/>\nCurso <strong>\u00abSAP2000. Integrate Software for Structural Analysis and Design\u00bb<\/strong><br \/>\nAcademia Ensenyem. CSI Spain Certificade<\/p>\n<p>10-2013<br \/>\nCurso \u00abRehabilitaci\u00f3n energ\u00e9tica de edificios existentes\u00bb<br \/>\nColegio Territorial de Arquitectos de Valencia<\/p>\n<p>2.015<br \/>\nCurs <strong>\u00abRehabilitaci\u00f3n de Estructuras de Hormig\u00f3n\u00bb<\/strong><br \/>\nCol\u00b7legi Territorial d&#8217;Arquitectes de Val\u00e8ncia<\/p>\n<p>2.016<br \/>\nCurs <strong>\u00abRehabilitacion de la Cimenaci\u00f3n\u00bb<\/strong><br \/>\nCol\u00b7legi Territorial d&#8217;Arquitectes de Val\u00e8ncia<\/p>\n<p>&nbsp;<\/p>\n","protected":false},"excerpt":{"rendered":"<p>Francesc Catal\u00e1 Cholbi X\u00c0BIA\/J\u00c1VEA Calle Sanchis Guarner, 8 Oficina 2. 03730 X\u00e0bia (Alicante) Tel.: 965794335 www.dara-estructural.com \u00a0| \u00a0info@dara-estructural.com &nbsp; Francesc Monfort Mulet.\u00a0Postgrado y Experto Univesitario en Rehabilitaci\u00f3n de Estructuras (Universitat Polit\u00e8cnica de Catalunya y Universitat Polit\u00e8cncia de Val\u00e8ncia) VAL\u00c8NCIA Pla\u00e7a del Poeta Vicente Gaos, 6 B 12 46021 Val\u00e8ncia (Val\u00e8ncia). M\u00f3v.: 629258797 www.dara-estructural.com \u00a0| \u00a0info@dara-estructural.com<\/p>\n<p class=\"more-link\"><a href=\"https:\/\/dara-estructural.com\/?page_id=30\" class=\"themebutton\">Read More<\/a><\/p>\n","protected":false},"author":1,"featured_media":0,"parent":0,"menu_order":0,"comment_status":"closed","ping_status":"closed","template":"","meta":{"_mi_skip_tracking":false,"_exactmetrics_sitenote_active":false,"_exactmetrics_sitenote_note":"","_exactmetrics_sitenote_category":0,"footnotes":""},"class_list":["post-30","page","type-page","status-publish","hentry"],"_links":{"self":[{"href":"https:\/\/dara-estructural.com\/index.php?rest_route=\/wp\/v2\/pages\/30","targetHints":{"allow":["GET"]}}],"collection":[{"href":"https:\/\/dara-estructural.com\/index.php?rest_route=\/wp\/v2\/pages"}],"about":[{"href":"https:\/\/dara-estructural.com\/index.php?rest_route=\/wp\/v2\/types\/page"}],"author":[{"embeddable":true,"href":"https:\/\/dara-estructural.com\/index.php?rest_route=\/wp\/v2\/users\/1"}],"replies":[{"embeddable":true,"href":"https:\/\/dara-estructural.com\/index.php?rest_route=%2Fwp%2Fv2%2Fcomments&post=30"}],"version-history":[{"count":15,"href":"https:\/\/dara-estructural.com\/index.php?rest_route=\/wp\/v2\/pages\/30\/revisions"}],"predecessor-version":[{"id":474,"href":"https:\/\/dara-estructural.com\/index.php?rest_route=\/wp\/v2\/pages\/30\/revisions\/474"}],"wp:attachment":[{"href":"https:\/\/dara-estructural.com\/index.php?rest_route=%2Fwp%2Fv2%2Fmedia&parent=30"}],"curies":[{"name":"wp","href":"https:\/\/api.w.org\/{rel}","templated":true}]}}